{"id":6069,"date":"2021-01-15T03:34:34","date_gmt":"2021-01-15T03:34:34","guid":{"rendered":"https:\/\/ifi.lab.virus.co.id\/?page_id=6069"},"modified":"2021-01-29T15:53:35","modified_gmt":"2021-01-29T08:53:35","slug":"ifi-bandung-kelas-reguler-fr","status":"publish","type":"page","link":"https:\/\/www.ifi-id.com\/fr\/ifi-bandung-kelas-reguler-fr\/","title":{"rendered":"IFI Bandung &#8211; Kelas Reguler"},"content":{"rendered":"\t\t<div data-elementor-type=\"wp-page\" data-elementor-id=\"6069\" class=\"elementor elementor-6069 elementor-3907\" data-elementor-post-type=\"page\">\n\t\t\t\t\t\t<section class=\"elementor-section elementor-top-section elementor-element elementor-element-3ce14d5 elementor-section-boxed elementor-section-height-default elementor-section-height-default\" data-id=\"3ce14d5\" data-element_type=\"section\">\n\t\t\t\t\t\t<div class=\"elementor-container elementor-column-gap-default\">\n\t\t\t\t\t<div class=\"elementor-column elementor-col-100 elementor-top-column elementor-element elementor-element-31b5931\" data-id=\"31b5931\" data-element_type=\"column\">\n\t\t\t<div class=\"elementor-widget-wrap elementor-element-populated\">\n\t\t\t\t\t\t<div class=\"elementor-element elementor-element-194c1e2 elementor-widget elementor-widget-heading\" data-id=\"194c1e2\" data-element_type=\"widget\" data-widget_type=\"heading.default\">\n\t\t\t\t<div class=\"elementor-widget-container\">\n\t\t\t<h2 class=\"elementor-heading-title elementor-size-default\">Kelas Reguler<\/h2>\t\t<\/div>\n\t\t\t\t<\/div>\n\t\t\t\t\t<\/div>\n\t\t<\/div>\n\t\t\t\t\t<\/div>\n\t\t<\/section>\n\t\t\t\t<section class=\"elementor-section elementor-top-section elementor-element elementor-element-94cfada elementor-section-boxed elementor-section-height-default elementor-section-height-default\" data-id=\"94cfada\" data-element_type=\"section\">\n\t\t\t\t\t\t<div class=\"elementor-container elementor-column-gap-default\">\n\t\t\t\t\t<div class=\"elementor-column elementor-col-100 elementor-top-column elementor-element elementor-element-277c68ee\" data-id=\"277c68ee\" data-element_type=\"column\">\n\t\t\t<div class=\"elementor-widget-wrap elementor-element-populated\">\n\t\t\t\t\t\t<div class=\"elementor-element elementor-element-6d7d0049 elementor-widget elementor-widget-text-editor\" data-id=\"6d7d0049\" data-element_type=\"widget\" data-widget_type=\"text-editor.default\">\n\t\t\t\t<div class=\"elementor-widget-container\">\n\t\t\t\t\t\t\t\n<figure class=\"wp-block-image\"><img decoding=\"async\" src=\"https:\/\/www.ifi-id.com\/uploads\/page\/6-2.jpg\" alt=\"\" \/><\/figure>\n\n\n\n<p><strong>FRAN\u00c7AIS GENERAL<\/strong><\/p>\n\n\n\n<p>Du niveau A1 au niveau C2, dans une ambiance conviviale et studieuse, abordez la langue sous tous ces aspects, \u00e0 l\u2019oral et \u00e0 l\u2019\u00e9crit, devenez francophone\u00a0!<\/p>\n\n\n\n<p><strong>Il est recommand\u00e9 de s\u2019inscrire\u00a0<u>2 semaines avant le d\u00e9but des cours<\/u>\u00a0pour s\u2019assurer d\u2019avoir une place.<\/strong><\/p>\n\n\n\n<p>Les cours sont bas\u00e9s sur le Cadre europ\u00e9en commun de r\u00e9f\u00e9rence pour les langues (CECRL) et organis\u00e9s en 6 niveaux\u00a0:<\/p>\n\n\n\n<figure class=\"wp-block-table\">\n<table>\n<tbody>\n<tr>\n<td>\u00a0<\/td>\n<td>D\u00e9butant\u00a0A1<\/td>\n<\/tr>\n<tr>\n<td>\u00a0<\/td>\n<td>D\u00e9butant\u00a0 A2<\/td>\n<\/tr>\n<tr>\n<td>\u00a0<\/td>\n<td>Interm\u00e9diaire B1<\/td>\n<\/tr>\n<tr>\n<td>\u00a0<\/td>\n<td>Interm\u00e9diaire B2<\/td>\n<\/tr>\n<tr>\n<td>\u00a0<\/td>\n<td>Avanc\u00e9 C1<\/td>\n<\/tr>\n<tr>\n<td>\u00a0<\/td>\n<td>Avanc\u00e9 C2<\/td>\n<\/tr>\n<\/tbody>\n<\/table>\n<\/figure>\n\n\n\n<p>Du niveau A1 au niveau C2, dans une ambiance conviviale et studieuse, abordez la langue sous tous ces aspects, \u00e0 l\u2019oral et \u00e0 l\u2019\u00e9crit, devenez francophone\u00a0!<\/p>\n\n\n\n<p><strong>Extensifs<\/strong><\/p>\n\n\n\n<p>Votre agenda est d\u00e9j\u00e0 tr\u00e8s charg\u00e9, vous \u00eates disponible une ou deux fois par semaine et pr\u00e9f\u00e9rez prendre votre temps.<\/p>\n\n\n\n<figure class=\"wp-block-table\">\n<table>\n<tbody>\n<tr>\n<td>\u00a0<\/td>\n<td>Pour des non-francophones ou partiellement francophones<\/td>\n<\/tr>\n<tr>\n<td>\u00a0<\/td>\n<td>\u00e0 partir de 100 heures par session | 25 semaines<\/td>\n<\/tr>\n<tr>\n<td>\u00a0<\/td>\n<td>de 10 \u00e0 15 personnes<\/td>\n<\/tr>\n<tr>\n<td>\u00a0<\/td>\n<td>1 ou 2 fois par semaine | En semaine ou week-end<\/td>\n<\/tr>\n<tr>\n<td>\u00a0<\/td>\n<td>4 mars 2019<\/td>\n<\/tr>\n<tr>\n<td>\u00a0<\/td>\n<td>\u00a0<\/td>\n<td>\u00a0<\/td>\n<td>\u00a0<\/td>\n<td>\u00a0<\/td>\n<\/tr>\n<\/tbody>\n<\/table>\n<\/figure>\n\n\n\n<p>&nbsp;<\/p>\n\n\n\n<p><strong>Intensif<\/strong><\/p>\n\n\n\n<p>Vous souhaitez progresser rapidement et vous investir trois heures par jours, cinq fois par semaine.<\/p>\n\n\n\n<figure class=\"wp-block-table\">\n<table>\n<tbody>\n<tr>\n<td>\u00a0<\/td>\n<td>Pour des non-francophones ou partiellement francophones<\/td>\n<\/tr>\n<tr>\n<td>\u00a0<\/td>\n<td>\u00e0 partir de 100 heures par session | 7 semaines<\/td>\n<\/tr>\n<tr>\n<td>\u00a0<\/td>\n<td>de 10 \u00e0 15 personnes<\/td>\n<\/tr>\n<tr>\n<td>\u00a0<\/td>\n<td>5 fois par semaine | En semaine<\/td>\n<\/tr>\n<tr>\n<td>\u00a0<\/td>\n<td>11 f\u00e9vrier 2019<\/td>\n<\/tr>\n<tr>\n<td>\u00a0<\/td>\n<td>\u00a0<\/td>\n<\/tr>\n<\/tbody>\n<\/table>\n<\/figure>\n\n\n\n<p><strong>COURS DE CONVERSATION<\/strong><\/p>\n\n\n\n<p>Renforcez votre capacit\u00e9 \u00e0 vous exprimer sur tous les sujets de l\u2019actualit\u00e9 et de la vie quotidienne (achats, scolarit\u00e9, travail, etc.), avec un enseignant proche de vous et des \u00e9tudiants aussi d\u00e9sireux d\u2019\u00e9changer et d\u2019am\u00e9liorer leurs comp\u00e9tences \u00e0 l\u2019oral.<\/p>\n\n\n\n<p><em>Pour un cours seul ou en petit groupe, consulter\u00a0:\u00a0<a href=\"https:\/\/www.ifi-id.com\/bandung\/cours-priv%C3%A9s\">Cours priv\u00e9s<\/a><\/em><\/p>\n\n\n\n<figure class=\"wp-block-table\">\n<table>\n<tbody>\n<tr>\n<td>\u00a0<\/td>\n<td>Pour des apprenants de niveau B1 minimum<\/td>\n<\/tr>\n<tr>\n<td>\u00a0<\/td>\n<td>12 1\/2 heures par session | 6 semaines<\/td>\n<\/tr>\n<tr>\n<td>\u00a0<\/td>\n<td>de 8 \u00e0 12 personnes<\/td>\n<\/tr>\n<tr>\n<td>\u00a0<\/td>\n<td>1 fois par semaine | En semaine<\/td>\n<\/tr>\n<tr>\n<td>\u00a0<\/td>\n<td>Merci de contacter le service des cours<\/td>\n<\/tr>\n<tr>\n<td>\u00a0<\/td>\n<td><br \/>\u00a0<\/td>\n<td>\u00a0<\/td>\n<td>\u00a0<\/td>\n<\/tr>\n<\/tbody>\n<\/table>\n<\/figure>\n\n\n\n<p><strong>PREPARATION AUX EXAMENS DELF-DALF<\/strong><\/p>\n\n\n\n<p>Vous souhaitez valoriser votre niveau de fran\u00e7ais avec un dipl\u00f4me officiel de langue fran\u00e7aise reconnus dans le monde entier\u00a0?<\/p>\n\n\n\n<p>\u00a0Vous souhaitez mettre tous les atouts de votre c\u00f4t\u00e9 pour passer les examens du DELF ou du DALF\u00a0?<\/p>\n\n\n\n<p>\u00a0Ce cours est le compl\u00e9ment id\u00e9al des cours de fran\u00e7ais g\u00e9n\u00e9ral. Il permet de se pr\u00e9parer \u00e0 l\u2019ensemble des \u00e9preuves (DELF B1 et B2, DALF et C1) et de renforcer les 4 comp\u00e9tences (production orale, production \u00e9crite, compr\u00e9hension orale, compr\u00e9hension \u00e9crite) en s\u2019entra\u00eenant aux \u00e9preuves par des examens blancs.<\/p>\n\n\n\n<p>\u00a0<em>Le DELF, un dipl\u00f4me pour la vie\u00a0!<\/em><\/p>\n\n\n\n<figure class=\"wp-block-table\">\n<table>\n<tbody>\n<tr>\n<td>\u00a0<\/td>\n<td>Pour des apprenants des niveaux B1, B2, C1 et C2<\/td>\n<\/tr>\n<tr>\n<td>\u00a0<\/td>\n<td>\u00e0 partir de 30 heures par session | 10 semaines<\/td>\n<\/tr>\n<tr>\n<td>\u00a0<\/td>\n<td>de 10 \u00e0 15 personnes<\/td>\n<\/tr>\n<tr>\n<td>\u00a0<\/td>\n<td>1\u00a0 fois par semaine | En semaine<\/td>\n<\/tr>\n<tr>\n<td>\u00a0<\/td>\n<td>\u00a0<\/td>\n<\/tr>\n<tr>\n<td>\u00a0<\/td>\n<\/tr>\n<\/tbody>\n<\/table>\n<\/figure>\n\n\n\n<p>Attention\u00a0! Pour les \u00e9tudiants souhaitant poursuivre leurs \u00e9tudes en France, le\u00a0<strong>DELF B2 est obligatoire pour s\u2019inscrire dans les universit\u00e9s<\/strong>.<\/p>\n\n\n\n<p>Pour plus d\u2019informations\u00a0:\u00a0<a href=\"http:\/\/www.indonesie.campusfrance.org\/fr\">www.indonesie.campusfrance.org<\/a><\/p>\n\n\n\n<p><strong>*<\/strong>\u00a0Les prix des cours sont indiqu\u00e9s pour un nombre minimum d\u2019\u00e9tudiants et valables jusqu\u2019au\u00a01<sup>er<\/sup>\u00a0mars\u00a02019. En cas d\u2019inscriptions inf\u00e9rieures \u00e0 ce nombre, l\u2019IFI est susceptible soit d\u2019annuler le cours et de rembourser les \u00e9tudiants, soit de proposer aux \u00e9tudiants d\u2019ouvrir le cours \u00e0 un prix sup\u00e9rieur \u00e0 celui indiqu\u00e9.\u00a0<\/p>\n\t\t\t\t\t\t<\/div>\n\t\t\t\t<\/div>\n\t\t\t\t\t<\/div>\n\t\t<\/div>\n\t\t\t\t\t<\/div>\n\t\t<\/section>\n\t\t\t\t<section class=\"elementor-section elementor-top-section elementor-element elementor-element-3a181829 elementor-section-boxed elementor-section-height-default elementor-section-height-default\" data-id=\"3a181829\" data-element_type=\"section\">\n\t\t\t\t\t\t<div class=\"elementor-container elementor-column-gap-default\">\n\t\t\t\t\t<div class=\"elementor-column elementor-col-100 elementor-top-column elementor-element elementor-element-14d054c9\" data-id=\"14d054c9\" data-element_type=\"column\">\n\t\t\t<div class=\"elementor-widget-wrap elementor-element-populated\">\n\t\t\t\t\t\t<div class=\"elementor-element elementor-element-2aca1d4f e-grid-align-right wa-button elementor-shape-rounded elementor-grid-0 elementor-widget elementor-widget-social-icons\" data-id=\"2aca1d4f\" data-element_type=\"widget\" data-widget_type=\"social-icons.default\">\n\t\t\t\t<div class=\"elementor-widget-container\">\n\t\t\t\t\t<div class=\"elementor-social-icons-wrapper elementor-grid\">\n\t\t\t\t\t\t\t<span class=\"elementor-grid-item\">\n\t\t\t\t\t<a class=\"elementor-icon elementor-social-icon elementor-social-icon-whatsapp elementor-repeater-item-e4e369f\" href=\"https:\/\/api.whatsapp.com\/send\/?phone=6281220086131&#038;text&#038;app_absent=0\" target=\"_blank\">\n\t\t\t\t\t\t<span class=\"elementor-screen-only\">Whatsapp<\/span>\n\t\t\t\t\t\t<i class=\"fab fa-whatsapp\"><\/i>\t\t\t\t\t<\/a>\n\t\t\t\t<\/span>\n\t\t\t\t\t<\/div>\n\t\t\t\t<\/div>\n\t\t\t\t<\/div>\n\t\t\t\t\t<\/div>\n\t\t<\/div>\n\t\t\t\t\t<\/div>\n\t\t<\/section>\n\t\t\t\t<\/div>\n\t\t","protected":false},"excerpt":{"rendered":"<p>Kelas Reguler FRAN\u00c7AIS GENERAL Du niveau A1 au niveau C2, dans une ambiance conviviale et studieuse, abordez la langue sous tous ces aspects, \u00e0 l\u2019oral et \u00e0 l\u2019\u00e9crit, devenez francophone\u00a0! Il est recommand\u00e9 de s\u2019inscrire\u00a02 semaines avant le d\u00e9but des cours\u00a0pour s\u2019assurer d\u2019avoir une place. Les cours sont bas\u00e9s sur le Cadre europ\u00e9en commun de &hellip; <\/p>\n<p class=\"link-more\"><a href=\"https:\/\/www.ifi-id.com\/fr\/ifi-bandung-kelas-reguler-fr\/\" class=\"more-link\">Continuer la lecture<span class=\"screen-reader-text\"> de &laquo;&nbsp;IFI Bandung &#8211; Kelas Reguler&nbsp;&raquo;<\/span><\/a><\/p>\n","protected":false},"author":1,"featured_media":0,"parent":0,"menu_order":0,"comment_status":"closed","ping_status":"closed","template":"elementor_header_footer","meta":{"footnotes":""},"class_list":["post-6069","page","type-page","status-publish","hentry"],"yoast_head":"<!-- This site is optimized with the Yoast SEO plugin v23.5 - https:\/\/yoast.com\/wordpress\/plugins\/seo\/ -->\n<title>IFI Bandung - Kelas Reguler - Institut fran\u00e7ais Indon\u00e9sie<\/title>\n<meta name=\"robots\" content=\"index, follow, max-snippet:-1, max-image-preview:large, max-video-preview:-1\" \/>\n<link rel=\"canonical\" href=\"https:\/\/www.ifi-id.com\/fr\/ifi-bandung-kelas-reguler-fr\/\" \/>\n<meta property=\"og:locale\" content=\"fr_FR\" \/>\n<meta property=\"og:type\" content=\"article\" \/>\n<meta property=\"og:title\" content=\"IFI Bandung - Kelas Reguler - Institut fran\u00e7ais Indon\u00e9sie\" \/>\n<meta property=\"og:description\" content=\"Kelas Reguler FRAN\u00c7AIS GENERAL Du niveau A1 au niveau C2, dans une ambiance conviviale et studieuse, abordez la langue sous tous ces aspects, \u00e0 l\u2019oral et \u00e0 l\u2019\u00e9crit, devenez francophone\u00a0! Il est recommand\u00e9 de s\u2019inscrire\u00a02 semaines avant le d\u00e9but des cours\u00a0pour s\u2019assurer d\u2019avoir une place. Les cours sont bas\u00e9s sur le Cadre europ\u00e9en commun de &hellip; Continuer la lecture de &laquo;&nbsp;IFI Bandung &#8211; Kelas Reguler&nbsp;&raquo;\" \/>\n<meta property=\"og:url\" content=\"https:\/\/www.ifi-id.com\/fr\/ifi-bandung-kelas-reguler-fr\/\" \/>\n<meta property=\"og:site_name\" content=\"Institut fran\u00e7ais Indon\u00e9sie\" \/>\n<meta property=\"article:modified_time\" content=\"2021-01-29T08:53:35+00:00\" \/>\n<meta property=\"og:image\" content=\"https:\/\/www.ifi-id.com\/uploads\/page\/6-2.jpg\" \/>\n<meta name=\"twitter:card\" content=\"summary_large_image\" \/>\n<meta name=\"twitter:label1\" content=\"Dur\u00e9e de lecture estim\u00e9e\" \/>\n\t<meta name=\"twitter:data1\" content=\"3 minutes\" \/>\n<script type=\"application\/ld+json\" class=\"yoast-schema-graph\">{\"@context\":\"https:\/\/schema.org\",\"@graph\":[{\"@type\":\"WebPage\",\"@id\":\"https:\/\/www.ifi-id.com\/fr\/ifi-bandung-kelas-reguler-fr\/\",\"url\":\"https:\/\/www.ifi-id.com\/fr\/ifi-bandung-kelas-reguler-fr\/\",\"name\":\"IFI Bandung - Kelas Reguler - Institut fran\u00e7ais Indon\u00e9sie\",\"isPartOf\":{\"@id\":\"https:\/\/www.ifi-id.com\/#website\"},\"primaryImageOfPage\":{\"@id\":\"https:\/\/www.ifi-id.com\/fr\/ifi-bandung-kelas-reguler-fr\/#primaryimage\"},\"image\":{\"@id\":\"https:\/\/www.ifi-id.com\/fr\/ifi-bandung-kelas-reguler-fr\/#primaryimage\"},\"thumbnailUrl\":\"https:\/\/www.ifi-id.com\/uploads\/page\/6-2.jpg\",\"datePublished\":\"2021-01-15T03:34:34+00:00\",\"dateModified\":\"2021-01-29T08:53:35+00:00\",\"breadcrumb\":{\"@id\":\"https:\/\/www.ifi-id.com\/fr\/ifi-bandung-kelas-reguler-fr\/#breadcrumb\"},\"inLanguage\":\"fr-FR\",\"potentialAction\":[{\"@type\":\"ReadAction\",\"target\":[\"https:\/\/www.ifi-id.com\/fr\/ifi-bandung-kelas-reguler-fr\/\"]}]},{\"@type\":\"ImageObject\",\"inLanguage\":\"fr-FR\",\"@id\":\"https:\/\/www.ifi-id.com\/fr\/ifi-bandung-kelas-reguler-fr\/#primaryimage\",\"url\":\"https:\/\/www.ifi-id.com\/uploads\/page\/6-2.jpg\",\"contentUrl\":\"https:\/\/www.ifi-id.com\/uploads\/page\/6-2.jpg\"},{\"@type\":\"BreadcrumbList\",\"@id\":\"https:\/\/www.ifi-id.com\/fr\/ifi-bandung-kelas-reguler-fr\/#breadcrumb\",\"itemListElement\":[{\"@type\":\"ListItem\",\"position\":1,\"name\":\"Home\",\"item\":\"https:\/\/www.ifi-id.com\/\"},{\"@type\":\"ListItem\",\"position\":2,\"name\":\"IFI Bandung &#8211; Kelas Reguler\"}]},{\"@type\":\"WebSite\",\"@id\":\"https:\/\/www.ifi-id.com\/#website\",\"url\":\"https:\/\/www.ifi-id.com\/\",\"name\":\"Institut fran\u00e7ais Indon\u00e9sie\",\"description\":\"\",\"publisher\":{\"@id\":\"https:\/\/www.ifi-id.com\/#organization\"},\"potentialAction\":[{\"@type\":\"SearchAction\",\"target\":{\"@type\":\"EntryPoint\",\"urlTemplate\":\"https:\/\/www.ifi-id.com\/?s={search_term_string}\"},\"query-input\":{\"@type\":\"PropertyValueSpecification\",\"valueRequired\":true,\"valueName\":\"search_term_string\"}}],\"inLanguage\":\"fr-FR\"},{\"@type\":\"Organization\",\"@id\":\"https:\/\/www.ifi-id.com\/#organization\",\"name\":\"Institut fran\u00e7ais Indon\u00e9sie\",\"url\":\"https:\/\/www.ifi-id.com\/\",\"logo\":{\"@type\":\"ImageObject\",\"inLanguage\":\"fr-FR\",\"@id\":\"https:\/\/www.ifi-id.com\/#\/schema\/logo\/image\/\",\"url\":\"https:\/\/www.ifi-id.com\/wp-content\/uploads\/2022\/12\/IFI_New_Logo.jpg\",\"contentUrl\":\"https:\/\/www.ifi-id.com\/wp-content\/uploads\/2022\/12\/IFI_New_Logo.jpg\",\"width\":666,\"height\":444,\"caption\":\"Institut fran\u00e7ais Indon\u00e9sie\"},\"image\":{\"@id\":\"https:\/\/www.ifi-id.com\/#\/schema\/logo\/image\/\"}}]}<\/script>\n<!-- \/ Yoast SEO plugin. -->","yoast_head_json":{"title":"IFI Bandung - Kelas Reguler - Institut fran\u00e7ais Indon\u00e9sie","robots":{"index":"index","follow":"follow","max-snippet":"max-snippet:-1","max-image-preview":"max-image-preview:large","max-video-preview":"max-video-preview:-1"},"canonical":"https:\/\/www.ifi-id.com\/fr\/ifi-bandung-kelas-reguler-fr\/","og_locale":"fr_FR","og_type":"article","og_title":"IFI Bandung - Kelas Reguler - Institut fran\u00e7ais Indon\u00e9sie","og_description":"Kelas Reguler FRAN\u00c7AIS GENERAL Du niveau A1 au niveau C2, dans une ambiance conviviale et studieuse, abordez la langue sous tous ces aspects, \u00e0 l\u2019oral et \u00e0 l\u2019\u00e9crit, devenez francophone\u00a0! Il est recommand\u00e9 de s\u2019inscrire\u00a02 semaines avant le d\u00e9but des cours\u00a0pour s\u2019assurer d\u2019avoir une place. Les cours sont bas\u00e9s sur le Cadre europ\u00e9en commun de &hellip; Continuer la lecture de &laquo;&nbsp;IFI Bandung &#8211; Kelas Reguler&nbsp;&raquo;","og_url":"https:\/\/www.ifi-id.com\/fr\/ifi-bandung-kelas-reguler-fr\/","og_site_name":"Institut fran\u00e7ais Indon\u00e9sie","article_modified_time":"2021-01-29T08:53:35+00:00","og_image":[{"url":"https:\/\/www.ifi-id.com\/uploads\/page\/6-2.jpg"}],"twitter_card":"summary_large_image","twitter_misc":{"Dur\u00e9e de lecture estim\u00e9e":"3 minutes"},"schema":{"@context":"https:\/\/schema.org","@graph":[{"@type":"WebPage","@id":"https:\/\/www.ifi-id.com\/fr\/ifi-bandung-kelas-reguler-fr\/","url":"https:\/\/www.ifi-id.com\/fr\/ifi-bandung-kelas-reguler-fr\/","name":"IFI Bandung - Kelas Reguler - Institut fran\u00e7ais Indon\u00e9sie","isPartOf":{"@id":"https:\/\/www.ifi-id.com\/#website"},"primaryImageOfPage":{"@id":"https:\/\/www.ifi-id.com\/fr\/ifi-bandung-kelas-reguler-fr\/#primaryimage"},"image":{"@id":"https:\/\/www.ifi-id.com\/fr\/ifi-bandung-kelas-reguler-fr\/#primaryimage"},"thumbnailUrl":"https:\/\/www.ifi-id.com\/uploads\/page\/6-2.jpg","datePublished":"2021-01-15T03:34:34+00:00","dateModified":"2021-01-29T08:53:35+00:00","breadcrumb":{"@id":"https:\/\/www.ifi-id.com\/fr\/ifi-bandung-kelas-reguler-fr\/#breadcrumb"},"inLanguage":"fr-FR","potentialAction":[{"@type":"ReadAction","target":["https:\/\/www.ifi-id.com\/fr\/ifi-bandung-kelas-reguler-fr\/"]}]},{"@type":"ImageObject","inLanguage":"fr-FR","@id":"https:\/\/www.ifi-id.com\/fr\/ifi-bandung-kelas-reguler-fr\/#primaryimage","url":"https:\/\/www.ifi-id.com\/uploads\/page\/6-2.jpg","contentUrl":"https:\/\/www.ifi-id.com\/uploads\/page\/6-2.jpg"},{"@type":"BreadcrumbList","@id":"https:\/\/www.ifi-id.com\/fr\/ifi-bandung-kelas-reguler-fr\/#breadcrumb","itemListElement":[{"@type":"ListItem","position":1,"name":"Home","item":"https:\/\/www.ifi-id.com\/"},{"@type":"ListItem","position":2,"name":"IFI Bandung &#8211; Kelas Reguler"}]},{"@type":"WebSite","@id":"https:\/\/www.ifi-id.com\/#website","url":"https:\/\/www.ifi-id.com\/","name":"Institut fran\u00e7ais Indon\u00e9sie","description":"","publisher":{"@id":"https:\/\/www.ifi-id.com\/#organization"},"potentialAction":[{"@type":"SearchAction","target":{"@type":"EntryPoint","urlTemplate":"https:\/\/www.ifi-id.com\/?s={search_term_string}"},"query-input":{"@type":"PropertyValueSpecification","valueRequired":true,"valueName":"search_term_string"}}],"inLanguage":"fr-FR"},{"@type":"Organization","@id":"https:\/\/www.ifi-id.com\/#organization","name":"Institut fran\u00e7ais Indon\u00e9sie","url":"https:\/\/www.ifi-id.com\/","logo":{"@type":"ImageObject","inLanguage":"fr-FR","@id":"https:\/\/www.ifi-id.com\/#\/schema\/logo\/image\/","url":"https:\/\/www.ifi-id.com\/wp-content\/uploads\/2022\/12\/IFI_New_Logo.jpg","contentUrl":"https:\/\/www.ifi-id.com\/wp-content\/uploads\/2022\/12\/IFI_New_Logo.jpg","width":666,"height":444,"caption":"Institut fran\u00e7ais Indon\u00e9sie"},"image":{"@id":"https:\/\/www.ifi-id.com\/#\/schema\/logo\/image\/"}}]}},"post_mailing_queue_ids":[],"_links":{"self":[{"href":"https:\/\/www.ifi-id.com\/fr\/wp-json\/wp\/v2\/pages\/6069"}],"collection":[{"href":"https:\/\/www.ifi-id.com\/fr\/wp-json\/wp\/v2\/pages"}],"about":[{"href":"https:\/\/www.ifi-id.com\/fr\/wp-json\/wp\/v2\/types\/page"}],"author":[{"embeddable":true,"href":"https:\/\/www.ifi-id.com\/fr\/wp-json\/wp\/v2\/users\/1"}],"replies":[{"embeddable":true,"href":"https:\/\/www.ifi-id.com\/fr\/wp-json\/wp\/v2\/comments?post=6069"}],"version-history":[{"count":10,"href":"https:\/\/www.ifi-id.com\/fr\/wp-json\/wp\/v2\/pages\/6069\/revisions"}],"predecessor-version":[{"id":8393,"href":"https:\/\/www.ifi-id.com\/fr\/wp-json\/wp\/v2\/pages\/6069\/revisions\/8393"}],"wp:attachment":[{"href":"https:\/\/www.ifi-id.com\/fr\/wp-json\/wp\/v2\/media?parent=6069"}],"curies":[{"name":"wp","href":"https:\/\/api.w.org\/{rel}","templated":true}]}}