{"id":5823,"date":"2021-01-14T09:18:13","date_gmt":"2021-01-14T09:18:13","guid":{"rendered":"https:\/\/ifi.lab.virus.co.id\/?page_id=5823"},"modified":"2021-01-17T11:16:40","modified_gmt":"2021-01-17T11:16:40","slug":"premier-groupe-de-travail-conjoint-sur-leducation-entre-le-ministere-de-leducation-et-de-la-culture-de-la-republique-indonesienne-moec-et-le-ministere-de-leducation-nationale-et-de-la-jeunesse-menj","status":"publish","type":"page","link":"https:\/\/www.ifi-id.com\/fr\/premier-groupe-de-travail-conjoint-sur-leducation-entre-le-ministere-de-leducation-et-de-la-culture-de-la-republique-indonesienne-moec-et-le-ministere-de-leducation-nationale-et-de-la-jeunesse-menj\/","title":{"rendered":"PREMIER GROUPE DE TRAVAIL CONJOINT SUR L\u2019EDUCATION ENTRE LE MINISTERE DE L\u2019EDUCATION ET DE LA CULTURE DE LA REPUBLIQUE INDONESIENNE (MOEC) ET LE MINISTERE DE L\u2019EDUCATION NATIONALE ET DE LA JEUNESSE (MENJ)"},"content":{"rendered":"\t\t<div data-elementor-type=\"wp-page\" data-elementor-id=\"5823\" class=\"elementor elementor-5823\" data-elementor-post-type=\"page\">\n\t\t\t\t\t\t<section class=\"elementor-section elementor-top-section elementor-element elementor-element-bbdeeb8 elementor-section-boxed elementor-section-height-default elementor-section-height-default\" data-id=\"bbdeeb8\" data-element_type=\"section\">\n\t\t\t\t\t\t<div class=\"elementor-container elementor-column-gap-default\">\n\t\t\t\t\t<div class=\"elementor-column elementor-col-100 elementor-top-column elementor-element elementor-element-926375a\" data-id=\"926375a\" data-element_type=\"column\">\n\t\t\t<div class=\"elementor-widget-wrap elementor-element-populated\">\n\t\t\t\t\t\t<div class=\"elementor-element elementor-element-f5b3bbb elementor-widget elementor-widget-heading\" data-id=\"f5b3bbb\" data-element_type=\"widget\" data-widget_type=\"heading.default\">\n\t\t\t\t<div class=\"elementor-widget-container\">\n\t\t\t<h2 class=\"elementor-heading-title elementor-size-default\">PREMIER GROUPE DE TRAVAIL CONJOINT SUR L\u2019EDUCATION ENTRE LE MINISTERE DE L\u2019EDUCATION ET DE LA CULTURE DE LA REPUBLIQUE INDONESIENNE (MOEC) ET LE MINISTERE DE L\u2019EDUCATION NATIONALE ET DE LA JEUNESSE (MENJ)<\/h2>\t\t<\/div>\n\t\t\t\t<\/div>\n\t\t\t\t\t<\/div>\n\t\t<\/div>\n\t\t\t\t\t<\/div>\n\t\t<\/section>\n\t\t\t\t<section class=\"elementor-section elementor-top-section elementor-element elementor-element-2341a3d6 elementor-section-boxed elementor-section-height-default elementor-section-height-default\" data-id=\"2341a3d6\" data-element_type=\"section\">\n\t\t\t\t\t\t<div class=\"elementor-container elementor-column-gap-default\">\n\t\t\t\t\t<div class=\"elementor-column elementor-col-100 elementor-top-column elementor-element elementor-element-32a82954\" data-id=\"32a82954\" data-element_type=\"column\">\n\t\t\t<div class=\"elementor-widget-wrap elementor-element-populated\">\n\t\t\t\t\t\t<div class=\"elementor-element elementor-element-b83ac81 elementor-widget elementor-widget-text-editor\" data-id=\"b83ac81\" data-element_type=\"widget\" data-widget_type=\"text-editor.default\">\n\t\t\t\t<div class=\"elementor-widget-container\">\n\t\t\t\t\t\t\t<!-- wp:image -->\n<figure class=\"wp-block-image\"><img decoding=\"async\" src=\"https:\/\/www.ifi-id.com\/uploads\/vendorImg\/Elv04zhrNATaC2b9yhlcMLEtWiL5g9K89z20Ij38.jpeg\" alt=\"\"\/><\/figure>\n<!-- \/wp:image -->\n\n<!-- wp:paragraph -->\n<p>Dans la continuit\u00e9 des premi\u00e8res rencontres franco-indon\u00e9siennes de la formation professionnelle (F\u00e9camp, 2015) et de la signature d\u2019un MoU par les ministres de l&rsquo;\u00c9ducation des deux pays (Paris, le 5 d\u00e9cembre 2016), le premier Groupe de Travail Conjoint sur l\u2019Education entre le Minist\u00e8re de l\u2019Education et de la Culture de la R\u00e9publique indon\u00e9sienne (MoEC) et le Minist\u00e8re de l\u2019Education nationale et de la jeunesse (MENJ) s\u2019est tenu \u00e0 Jakarta le 20 septembre. Il a permis \u00e0 l&rsquo;ensemble des acteurs indon\u00e9siens et fran\u00e7ais de se retrouver en Indon\u00e9sie afin de consolider les coop\u00e9rations existantes et d\u2019en d\u00e9velopper de nouvelles au regard des \u00e9volutions des secteurs \u00e9conomiques strat\u00e9giques d\u00e9finis conjointement par les deux pays (i) l\u2019industrie, l\u2019\u00e9lectricit\u00e9 et les \u00e9nergies ; (ii) l\u2019h\u00f4tellerie, le tourisme et la restauration; (iii) le maritime.<\/p>\n<!-- \/wp:paragraph -->\n\n<!-- wp:paragraph -->\n<p>Il s\u2019est construit en deux temps&nbsp;: en amont, des rencontres pr\u00e9liminaires entre MENJ-MoEC et des visites de terrain ont permis de rencontrer partenaires \u00e9ducatifs, industriels et acteurs institutionnels dans les trois secteurs \u00e9conomiques cl\u00e9s&nbsp;; en aval, ces visites ont permis de formaliser les collaborations en \u0153uvre et futures entre les deux minist\u00e8res.<\/p>\n<!-- \/wp:paragraph -->\n\n<!-- wp:paragraph -->\n<p>Du 16 au 19 septembre, la d\u00e9l\u00e9gation fran\u00e7aise compos\u00e9e de 10 repr\u00e9sentants du MENJ, des Campus des M\u00e9tiers et des Qualifications (CMQ), de l\u2019Ecole H\u00f4teli\u00e8re de Paris et du lyc\u00e9e maritime Anita Conti a rencontr\u00e9 des partenaires \u00e9ducatifs, institutionnels et industriels \u00e0 Java, Lombok et Sumbawa lors de visites au sein de lyc\u00e9es professionnels (SMK), \u00e9coles polytechniques et sup\u00e9rieures, centre de formation des enseignants du secondaire et Centre d\u2019Excellence Schneider-MENJ-MoEC.<\/p>\n<!-- \/wp:paragraph -->\n\n<!-- wp:paragraph -->\n<p>Le 20 septembre, la tenue du JWG, en pr\u00e9sence de Dr.&nbsp;Didik&nbsp;SUHARDI, Secr\u00e9taire G\u00e9n\u00e9ral du MoEC et de M. Herv\u00e9 TILLY, D\u00e9l\u00e9gu\u00e9 aux relations europ\u00e9ennes et internationales et \u00e0 la coop\u00e9ration&nbsp;du MENJ, a permis des \u00e9changes strat\u00e9giques et op\u00e9rationnels pour travailler plus pr\u00e9cis\u00e9ment \u00e0 la mise en \u0153uvre d&rsquo;un plan d&rsquo;actions sur les trois ann\u00e9es \u00e0 venir.<\/p>\n<!-- \/wp:paragraph -->\n\n<!-- wp:image -->\n<figure class=\"wp-block-image\"><img decoding=\"async\" src=\"https:\/\/www.ifi-id.com\/uploads\/page\/2(1).JPG\" alt=\"\"\/><\/figure>\n<!-- \/wp:image -->\n\n<!-- wp:image -->\n<figure class=\"wp-block-image\"><img decoding=\"async\" src=\"https:\/\/www.ifi-id.com\/uploads\/page\/3.JPG\" alt=\"\"\/><\/figure>\n<!-- \/wp:image -->\n\n<!-- wp:paragraph -->\n<p>La d\u00e9l\u00e9gation fran\u00e7aise du MENJ conduite par M. Herv\u00e9 TILLY, D\u00e9l\u00e9gu\u00e9 aux relations europ\u00e9ennes et internationales et \u00e0 la coop\u00e9ration&nbsp;\u00e9tait compos\u00e9e de M. David HELARD, Inspecteur g\u00e9n\u00e9ral de l\u2019\u00e9ducation nationale, en charge de la voie professionnelle et de l\u2019apprentissage; Mme Dominique BORDES, Cheffe du D\u00e9partement Afrique-Asie-Oc\u00e9anie et Francophonie \u00e0 la DREIC; M. Laurent JUILLAC, Coordinateur p\u00e9dagogique du CMQ de l\u2019A\u00e9ronautique et Spatial r\u00e9gion Occitanie; M. Herv\u00e9 Am\u00e9ziane, Pr\u00e9sident du CMQ de l\u2019A\u00e9ronautique et Spatial r\u00e9gion Occitanie; M. Fr\u00e9d\u00e9rick PAQUET, Directeur op\u00e9rationnel du Campus des M\u00e9tiers et des Qualifications Energies et Efficacit\u00e9 Energ\u00e9tique de F\u00e9camp; Mme Gwenaelle CARNOT, Adjointe au DAFPIC en charge du r\u00e9seau des CMQ de l\u2019acad\u00e9mie de Nantes; Mme Corinne CLERISSI, Directrice Op\u00e9rationnelle du CMQ Tourisme H\u00f4tellerie Restauration r\u00e9gion Provence Alpes C\u00f4te d&rsquo;Azur; M. Michel HARTBROT, Enseignant en charge des relations internationales de l\u2019\u00c9cole H\u00f4teli\u00e8re de Paris; M. Christophe MOLIN, Directeur du lyc\u00e9e maritime Anita Conti de F\u00e9camp et Mme Chandra MURAINI, Directrice-adjointe du Master Langues \u00e9trang\u00e8res appliqu\u00e9es parcours Langues, culture, affaires internationales &#8211; Asie-Pacifique de l\u2019Universit\u00e9 de la Rochelle. Elle \u00e9tait accompagn\u00e9e par l\u2019Institut fran\u00e7ais d\u2019Indon\u00e9sie, M. St\u00e9phane DOVERT, Conseiller de coop\u00e9ration et d\u2019action culturelle, Mme Philom\u00e8ne ROBIN, Attach\u00e9e de coop\u00e9ration \u00e9ducative et universitaire, M. Thierry LEXTRAIT, Expert Technique International, en poste aupr\u00e8s du MoEC et M. Philippe Grang\u00e9, Attach\u00e9 de coop\u00e9ration pour le fran\u00e7ais.<\/p>\n<!-- \/wp:paragraph -->\n\n<!-- wp:paragraph -->\n<p>La d\u00e9l\u00e9gation indon\u00e9sienne du MoEC, men\u00e9e par Dr. Didik Suhardi, Secr\u00e9taire g\u00e9n\u00e9ral du minist\u00e8re, incluait M. Harris Iskandar, Directeur g\u00e9n\u00e9ral de la Direction de l\u2019\u00e9ducation de la petite enfance&nbsp;; M. Totok Suprayitno, Responsable de l&rsquo;Agence de recherche et de d\u00e9veloppement&nbsp;; M. Gogot Suharwoto, Responsable par int\u00e9rim de la Direction des Relations Internationales, M. Sutanto, Secr\u00e9taire g\u00e9n\u00e9ral de la Direction de l\u2019\u00e9ducation primaire et secondaire&nbsp;; M. Qudrat Wisnu Aji, Secr\u00e9taire g\u00e9n\u00e9ral de la Direction des enseignants&nbsp;; Mme Sri Renani Pantjastuti, Directrice de l\u2019\u00e9ducation secondaire \u00e0 la Direction des enseignants&nbsp;; Mme Emi Emilia, Responsable du Centre de d\u00e9veloppement strat\u00e9gique et de diplomatie linguistique&nbsp;; M. Bakrun, Directeur de l\u2019Enseignement technique et professionnelle&nbsp;; M. Warsito, Attach\u00e9 de coop\u00e9ration \u00e9ducative \u00e0 l\u2019Ambassade d\u2019Indon\u00e9sie en France.<\/p>\n<!-- \/wp:paragraph -->\n\n<!-- wp:paragraph -->\n<p>Le JWG s\u2019est achev\u00e9 par une rencontre de haut niveau avec la signature d\u2019un accord sp\u00e9cifique sur l\u2019enseignement technique et la formation professionnelle entre les deux Minist\u00e8res qui se sont engag\u00e9s \u00e0 mettre en \u0153uvre des actions dans les domaines strat\u00e9giques suivants&nbsp;: 1) Enseignement et formation professionnels&nbsp;; 2) \u00c9valuation et qualit\u00e9 de l\u2019\u00e9ducation&nbsp;; recherche et innovation p\u00e9dagogiques&nbsp;; 3) Scolarisation d\u00e8s le plus jeune \u00e2ge&nbsp;; 4) Enseignement des langues.<\/p>\n<!-- \/wp:paragraph -->\n\n<!-- wp:image -->\n<figure class=\"wp-block-image\"><img decoding=\"async\" src=\"https:\/\/www.ifi-id.com\/uploads\/page\/4(3).JPG\" alt=\"\"\/><\/figure>\n<!-- \/wp:image -->\n\n<!-- wp:paragraph -->\n<p>Ce premier JWG a permis une impulsion renouvel\u00e9e sur des sujets d\u2019int\u00e9r\u00eat commun avec l\u2019Indon\u00e9sie et de renforcer les collaborations dans des fili\u00e8res d\u2019avenir. Il a \u00e9t\u00e9 l\u2019occasion d\u2019intensifier les \u00e9changes en mati\u00e8re de politiques \u00e9ducatives et d\u2019exp\u00e9rimentations p\u00e9dagogiques et de consolider les positions des deux pays sur des priorit\u00e9s partag\u00e9es&nbsp;: l\u2019appui \u00e0 l\u2019\u00e9ducation de base, \u00e0 la formation professionnelle et \u00e0 l\u2019enseignement du fran\u00e7ais dans des secteurs \u00e9conomiques cl\u00e9s.<\/p>\n<!-- \/wp:paragraph -->\t\t\t\t\t\t<\/div>\n\t\t\t\t<\/div>\n\t\t\t\t\t<\/div>\n\t\t<\/div>\n\t\t\t\t\t<\/div>\n\t\t<\/section>\n\t\t\t\t<\/div>\n\t\t","protected":false},"excerpt":{"rendered":"<p>PREMIER GROUPE DE TRAVAIL CONJOINT SUR L\u2019EDUCATION ENTRE LE MINISTERE DE L\u2019EDUCATION ET DE LA CULTURE DE LA REPUBLIQUE INDONESIENNE (MOEC) ET LE MINISTERE DE L\u2019EDUCATION NATIONALE ET DE LA JEUNESSE (MENJ) Dans la continuit\u00e9 des premi\u00e8res rencontres franco-indon\u00e9siennes de la formation professionnelle (F\u00e9camp, 2015) et de la signature d\u2019un MoU par les ministres de &hellip; <\/p>\n<p class=\"link-more\"><a href=\"https:\/\/www.ifi-id.com\/fr\/premier-groupe-de-travail-conjoint-sur-leducation-entre-le-ministere-de-leducation-et-de-la-culture-de-la-republique-indonesienne-moec-et-le-ministere-de-leducation-nationale-et-de-la-jeunesse-menj\/\" class=\"more-link\">Continuer la lecture<span class=\"screen-reader-text\"> de &laquo;&nbsp;PREMIER GROUPE DE TRAVAIL CONJOINT SUR L\u2019EDUCATION ENTRE LE MINISTERE DE L\u2019EDUCATION ET DE LA CULTURE DE LA REPUBLIQUE INDONESIENNE (MOEC) ET LE MINISTERE DE L\u2019EDUCATION NATIONALE ET DE LA JEUNESSE (MENJ)&nbsp;&raquo;<\/span><\/a><\/p>\n","protected":false},"author":1,"featured_media":0,"parent":0,"menu_order":0,"comment_status":"closed","ping_status":"closed","template":"elementor_header_footer","meta":{"footnotes":""},"class_list":["post-5823","page","type-page","status-publish","hentry"],"yoast_head":"<!-- This site is optimized with the Yoast SEO plugin v23.5 - https:\/\/yoast.com\/wordpress\/plugins\/seo\/ -->\n<title>PREMIER GROUPE DE TRAVAIL CONJOINT SUR L\u2019EDUCATION ENTRE LE MINISTERE DE L\u2019EDUCATION ET DE LA CULTURE DE LA REPUBLIQUE INDONESIENNE (MOEC) ET LE MINISTERE DE L\u2019EDUCATION NATIONALE ET DE LA JEUNESSE (MENJ) - Institut fran\u00e7ais Indon\u00e9sie<\/title>\n<meta name=\"robots\" content=\"index, follow, max-snippet:-1, max-image-preview:large, max-video-preview:-1\" \/>\n<link rel=\"canonical\" href=\"https:\/\/www.ifi-id.com\/fr\/premier-groupe-de-travail-conjoint-sur-leducation-entre-le-ministere-de-leducation-et-de-la-culture-de-la-republique-indonesienne-moec-et-le-ministere-de-leducation-nationale-et-de-la-jeunesse-menj\/\" \/>\n<meta property=\"og:locale\" content=\"fr_FR\" \/>\n<meta property=\"og:type\" content=\"article\" \/>\n<meta property=\"og:title\" content=\"PREMIER GROUPE DE TRAVAIL CONJOINT SUR L\u2019EDUCATION ENTRE LE MINISTERE DE L\u2019EDUCATION ET DE LA CULTURE DE LA REPUBLIQUE INDONESIENNE (MOEC) ET LE MINISTERE DE L\u2019EDUCATION NATIONALE ET DE LA JEUNESSE (MENJ) - Institut fran\u00e7ais Indon\u00e9sie\" \/>\n<meta property=\"og:description\" content=\"PREMIER GROUPE DE TRAVAIL CONJOINT SUR L\u2019EDUCATION ENTRE LE MINISTERE DE L\u2019EDUCATION ET DE LA CULTURE DE LA REPUBLIQUE INDONESIENNE (MOEC) ET LE MINISTERE DE L\u2019EDUCATION NATIONALE ET DE LA JEUNESSE (MENJ) Dans la continuit\u00e9 des premi\u00e8res rencontres franco-indon\u00e9siennes de la formation professionnelle (F\u00e9camp, 2015) et de la signature d\u2019un MoU par les ministres de &hellip; Continuer la lecture de &laquo;&nbsp;PREMIER GROUPE DE TRAVAIL CONJOINT SUR L\u2019EDUCATION ENTRE LE MINISTERE DE L\u2019EDUCATION ET DE LA CULTURE DE LA REPUBLIQUE INDONESIENNE (MOEC) ET LE MINISTERE DE L\u2019EDUCATION NATIONALE ET DE LA JEUNESSE (MENJ)&nbsp;&raquo;\" \/>\n<meta property=\"og:url\" content=\"https:\/\/www.ifi-id.com\/fr\/premier-groupe-de-travail-conjoint-sur-leducation-entre-le-ministere-de-leducation-et-de-la-culture-de-la-republique-indonesienne-moec-et-le-ministere-de-leducation-nationale-et-de-la-jeunesse-menj\/\" \/>\n<meta property=\"og:site_name\" content=\"Institut fran\u00e7ais Indon\u00e9sie\" \/>\n<meta property=\"article:modified_time\" content=\"2021-01-17T11:16:40+00:00\" \/>\n<meta property=\"og:image\" content=\"https:\/\/www.ifi-id.com\/uploads\/vendorImg\/Elv04zhrNATaC2b9yhlcMLEtWiL5g9K89z20Ij38.jpeg\" \/>\n<meta name=\"twitter:card\" content=\"summary_large_image\" \/>\n<meta name=\"twitter:label1\" content=\"Dur\u00e9e de lecture estim\u00e9e\" \/>\n\t<meta name=\"twitter:data1\" content=\"5 minutes\" \/>\n<script type=\"application\/ld+json\" class=\"yoast-schema-graph\">{\"@context\":\"https:\/\/schema.org\",\"@graph\":[{\"@type\":\"WebPage\",\"@id\":\"https:\/\/www.ifi-id.com\/fr\/premier-groupe-de-travail-conjoint-sur-leducation-entre-le-ministere-de-leducation-et-de-la-culture-de-la-republique-indonesienne-moec-et-le-ministere-de-leducation-nationale-et-de-la-jeunesse-menj\/\",\"url\":\"https:\/\/www.ifi-id.com\/fr\/premier-groupe-de-travail-conjoint-sur-leducation-entre-le-ministere-de-leducation-et-de-la-culture-de-la-republique-indonesienne-moec-et-le-ministere-de-leducation-nationale-et-de-la-jeunesse-menj\/\",\"name\":\"PREMIER GROUPE DE TRAVAIL CONJOINT SUR L\u2019EDUCATION ENTRE LE MINISTERE DE L\u2019EDUCATION ET DE LA CULTURE DE LA REPUBLIQUE INDONESIENNE (MOEC) ET LE MINISTERE DE L\u2019EDUCATION NATIONALE ET DE LA JEUNESSE (MENJ) - Institut fran\u00e7ais Indon\u00e9sie\",\"isPartOf\":{\"@id\":\"https:\/\/www.ifi-id.com\/#website\"},\"primaryImageOfPage\":{\"@id\":\"https:\/\/www.ifi-id.com\/fr\/premier-groupe-de-travail-conjoint-sur-leducation-entre-le-ministere-de-leducation-et-de-la-culture-de-la-republique-indonesienne-moec-et-le-ministere-de-leducation-nationale-et-de-la-jeunesse-menj\/#primaryimage\"},\"image\":{\"@id\":\"https:\/\/www.ifi-id.com\/fr\/premier-groupe-de-travail-conjoint-sur-leducation-entre-le-ministere-de-leducation-et-de-la-culture-de-la-republique-indonesienne-moec-et-le-ministere-de-leducation-nationale-et-de-la-jeunesse-menj\/#primaryimage\"},\"thumbnailUrl\":\"https:\/\/www.ifi-id.com\/uploads\/vendorImg\/Elv04zhrNATaC2b9yhlcMLEtWiL5g9K89z20Ij38.jpeg\",\"datePublished\":\"2021-01-14T09:18:13+00:00\",\"dateModified\":\"2021-01-17T11:16:40+00:00\",\"breadcrumb\":{\"@id\":\"https:\/\/www.ifi-id.com\/fr\/premier-groupe-de-travail-conjoint-sur-leducation-entre-le-ministere-de-leducation-et-de-la-culture-de-la-republique-indonesienne-moec-et-le-ministere-de-leducation-nationale-et-de-la-jeunesse-menj\/#breadcrumb\"},\"inLanguage\":\"fr-FR\",\"potentialAction\":[{\"@type\":\"ReadAction\",\"target\":[\"https:\/\/www.ifi-id.com\/fr\/premier-groupe-de-travail-conjoint-sur-leducation-entre-le-ministere-de-leducation-et-de-la-culture-de-la-republique-indonesienne-moec-et-le-ministere-de-leducation-nationale-et-de-la-jeunesse-menj\/\"]}]},{\"@type\":\"ImageObject\",\"inLanguage\":\"fr-FR\",\"@id\":\"https:\/\/www.ifi-id.com\/fr\/premier-groupe-de-travail-conjoint-sur-leducation-entre-le-ministere-de-leducation-et-de-la-culture-de-la-republique-indonesienne-moec-et-le-ministere-de-leducation-nationale-et-de-la-jeunesse-menj\/#primaryimage\",\"url\":\"https:\/\/www.ifi-id.com\/uploads\/vendorImg\/Elv04zhrNATaC2b9yhlcMLEtWiL5g9K89z20Ij38.jpeg\",\"contentUrl\":\"https:\/\/www.ifi-id.com\/uploads\/vendorImg\/Elv04zhrNATaC2b9yhlcMLEtWiL5g9K89z20Ij38.jpeg\"},{\"@type\":\"BreadcrumbList\",\"@id\":\"https:\/\/www.ifi-id.com\/fr\/premier-groupe-de-travail-conjoint-sur-leducation-entre-le-ministere-de-leducation-et-de-la-culture-de-la-republique-indonesienne-moec-et-le-ministere-de-leducation-nationale-et-de-la-jeunesse-menj\/#breadcrumb\",\"itemListElement\":[{\"@type\":\"ListItem\",\"position\":1,\"name\":\"Home\",\"item\":\"https:\/\/www.ifi-id.com\/\"},{\"@type\":\"ListItem\",\"position\":2,\"name\":\"PREMIER GROUPE DE TRAVAIL CONJOINT SUR L\u2019EDUCATION ENTRE LE MINISTERE DE L\u2019EDUCATION ET DE LA CULTURE DE LA REPUBLIQUE INDONESIENNE (MOEC) ET LE MINISTERE DE L\u2019EDUCATION NATIONALE ET DE LA JEUNESSE (MENJ)\"}]},{\"@type\":\"WebSite\",\"@id\":\"https:\/\/www.ifi-id.com\/#website\",\"url\":\"https:\/\/www.ifi-id.com\/\",\"name\":\"Institut fran\u00e7ais Indon\u00e9sie\",\"description\":\"\",\"publisher\":{\"@id\":\"https:\/\/www.ifi-id.com\/#organization\"},\"potentialAction\":[{\"@type\":\"SearchAction\",\"target\":{\"@type\":\"EntryPoint\",\"urlTemplate\":\"https:\/\/www.ifi-id.com\/?s={search_term_string}\"},\"query-input\":{\"@type\":\"PropertyValueSpecification\",\"valueRequired\":true,\"valueName\":\"search_term_string\"}}],\"inLanguage\":\"fr-FR\"},{\"@type\":\"Organization\",\"@id\":\"https:\/\/www.ifi-id.com\/#organization\",\"name\":\"Institut fran\u00e7ais Indon\u00e9sie\",\"url\":\"https:\/\/www.ifi-id.com\/\",\"logo\":{\"@type\":\"ImageObject\",\"inLanguage\":\"fr-FR\",\"@id\":\"https:\/\/www.ifi-id.com\/#\/schema\/logo\/image\/\",\"url\":\"https:\/\/www.ifi-id.com\/wp-content\/uploads\/2022\/12\/IFI_New_Logo.jpg\",\"contentUrl\":\"https:\/\/www.ifi-id.com\/wp-content\/uploads\/2022\/12\/IFI_New_Logo.jpg\",\"width\":666,\"height\":444,\"caption\":\"Institut fran\u00e7ais Indon\u00e9sie\"},\"image\":{\"@id\":\"https:\/\/www.ifi-id.com\/#\/schema\/logo\/image\/\"}}]}<\/script>\n<!-- \/ Yoast SEO plugin. -->","yoast_head_json":{"title":"PREMIER GROUPE DE TRAVAIL CONJOINT SUR L\u2019EDUCATION ENTRE LE MINISTERE DE L\u2019EDUCATION ET DE LA CULTURE DE LA REPUBLIQUE INDONESIENNE (MOEC) ET LE MINISTERE DE L\u2019EDUCATION NATIONALE ET DE LA JEUNESSE (MENJ) - Institut fran\u00e7ais Indon\u00e9sie","robots":{"index":"index","follow":"follow","max-snippet":"max-snippet:-1","max-image-preview":"max-image-preview:large","max-video-preview":"max-video-preview:-1"},"canonical":"https:\/\/www.ifi-id.com\/fr\/premier-groupe-de-travail-conjoint-sur-leducation-entre-le-ministere-de-leducation-et-de-la-culture-de-la-republique-indonesienne-moec-et-le-ministere-de-leducation-nationale-et-de-la-jeunesse-menj\/","og_locale":"fr_FR","og_type":"article","og_title":"PREMIER GROUPE DE TRAVAIL CONJOINT SUR L\u2019EDUCATION ENTRE LE MINISTERE DE L\u2019EDUCATION ET DE LA CULTURE DE LA REPUBLIQUE INDONESIENNE (MOEC) ET LE MINISTERE DE L\u2019EDUCATION NATIONALE ET DE LA JEUNESSE (MENJ) - Institut fran\u00e7ais Indon\u00e9sie","og_description":"PREMIER GROUPE DE TRAVAIL CONJOINT SUR L\u2019EDUCATION ENTRE LE MINISTERE DE L\u2019EDUCATION ET DE LA CULTURE DE LA REPUBLIQUE INDONESIENNE (MOEC) ET LE MINISTERE DE L\u2019EDUCATION NATIONALE ET DE LA JEUNESSE (MENJ) Dans la continuit\u00e9 des premi\u00e8res rencontres franco-indon\u00e9siennes de la formation professionnelle (F\u00e9camp, 2015) et de la signature d\u2019un MoU par les ministres de &hellip; Continuer la lecture de &laquo;&nbsp;PREMIER GROUPE DE TRAVAIL CONJOINT SUR L\u2019EDUCATION ENTRE LE MINISTERE DE L\u2019EDUCATION ET DE LA CULTURE DE LA REPUBLIQUE INDONESIENNE (MOEC) ET LE MINISTERE DE L\u2019EDUCATION NATIONALE ET DE LA JEUNESSE (MENJ)&nbsp;&raquo;","og_url":"https:\/\/www.ifi-id.com\/fr\/premier-groupe-de-travail-conjoint-sur-leducation-entre-le-ministere-de-leducation-et-de-la-culture-de-la-republique-indonesienne-moec-et-le-ministere-de-leducation-nationale-et-de-la-jeunesse-menj\/","og_site_name":"Institut fran\u00e7ais Indon\u00e9sie","article_modified_time":"2021-01-17T11:16:40+00:00","og_image":[{"url":"https:\/\/www.ifi-id.com\/uploads\/vendorImg\/Elv04zhrNATaC2b9yhlcMLEtWiL5g9K89z20Ij38.jpeg"}],"twitter_card":"summary_large_image","twitter_misc":{"Dur\u00e9e de lecture estim\u00e9e":"5 minutes"},"schema":{"@context":"https:\/\/schema.org","@graph":[{"@type":"WebPage","@id":"https:\/\/www.ifi-id.com\/fr\/premier-groupe-de-travail-conjoint-sur-leducation-entre-le-ministere-de-leducation-et-de-la-culture-de-la-republique-indonesienne-moec-et-le-ministere-de-leducation-nationale-et-de-la-jeunesse-menj\/","url":"https:\/\/www.ifi-id.com\/fr\/premier-groupe-de-travail-conjoint-sur-leducation-entre-le-ministere-de-leducation-et-de-la-culture-de-la-republique-indonesienne-moec-et-le-ministere-de-leducation-nationale-et-de-la-jeunesse-menj\/","name":"PREMIER GROUPE DE TRAVAIL CONJOINT SUR L\u2019EDUCATION ENTRE LE MINISTERE DE L\u2019EDUCATION ET DE LA CULTURE DE LA REPUBLIQUE INDONESIENNE (MOEC) ET LE MINISTERE DE L\u2019EDUCATION NATIONALE ET DE LA JEUNESSE (MENJ) - Institut fran\u00e7ais Indon\u00e9sie","isPartOf":{"@id":"https:\/\/www.ifi-id.com\/#website"},"primaryImageOfPage":{"@id":"https:\/\/www.ifi-id.com\/fr\/premier-groupe-de-travail-conjoint-sur-leducation-entre-le-ministere-de-leducation-et-de-la-culture-de-la-republique-indonesienne-moec-et-le-ministere-de-leducation-nationale-et-de-la-jeunesse-menj\/#primaryimage"},"image":{"@id":"https:\/\/www.ifi-id.com\/fr\/premier-groupe-de-travail-conjoint-sur-leducation-entre-le-ministere-de-leducation-et-de-la-culture-de-la-republique-indonesienne-moec-et-le-ministere-de-leducation-nationale-et-de-la-jeunesse-menj\/#primaryimage"},"thumbnailUrl":"https:\/\/www.ifi-id.com\/uploads\/vendorImg\/Elv04zhrNATaC2b9yhlcMLEtWiL5g9K89z20Ij38.jpeg","datePublished":"2021-01-14T09:18:13+00:00","dateModified":"2021-01-17T11:16:40+00:00","breadcrumb":{"@id":"https:\/\/www.ifi-id.com\/fr\/premier-groupe-de-travail-conjoint-sur-leducation-entre-le-ministere-de-leducation-et-de-la-culture-de-la-republique-indonesienne-moec-et-le-ministere-de-leducation-nationale-et-de-la-jeunesse-menj\/#breadcrumb"},"inLanguage":"fr-FR","potentialAction":[{"@type":"ReadAction","target":["https:\/\/www.ifi-id.com\/fr\/premier-groupe-de-travail-conjoint-sur-leducation-entre-le-ministere-de-leducation-et-de-la-culture-de-la-republique-indonesienne-moec-et-le-ministere-de-leducation-nationale-et-de-la-jeunesse-menj\/"]}]},{"@type":"ImageObject","inLanguage":"fr-FR","@id":"https:\/\/www.ifi-id.com\/fr\/premier-groupe-de-travail-conjoint-sur-leducation-entre-le-ministere-de-leducation-et-de-la-culture-de-la-republique-indonesienne-moec-et-le-ministere-de-leducation-nationale-et-de-la-jeunesse-menj\/#primaryimage","url":"https:\/\/www.ifi-id.com\/uploads\/vendorImg\/Elv04zhrNATaC2b9yhlcMLEtWiL5g9K89z20Ij38.jpeg","contentUrl":"https:\/\/www.ifi-id.com\/uploads\/vendorImg\/Elv04zhrNATaC2b9yhlcMLEtWiL5g9K89z20Ij38.jpeg"},{"@type":"BreadcrumbList","@id":"https:\/\/www.ifi-id.com\/fr\/premier-groupe-de-travail-conjoint-sur-leducation-entre-le-ministere-de-leducation-et-de-la-culture-de-la-republique-indonesienne-moec-et-le-ministere-de-leducation-nationale-et-de-la-jeunesse-menj\/#breadcrumb","itemListElement":[{"@type":"ListItem","position":1,"name":"Home","item":"https:\/\/www.ifi-id.com\/"},{"@type":"ListItem","position":2,"name":"PREMIER GROUPE DE TRAVAIL CONJOINT SUR L\u2019EDUCATION ENTRE LE MINISTERE DE L\u2019EDUCATION ET DE LA CULTURE DE LA REPUBLIQUE INDONESIENNE (MOEC) ET LE MINISTERE DE L\u2019EDUCATION NATIONALE ET DE LA JEUNESSE (MENJ)"}]},{"@type":"WebSite","@id":"https:\/\/www.ifi-id.com\/#website","url":"https:\/\/www.ifi-id.com\/","name":"Institut fran\u00e7ais Indon\u00e9sie","description":"","publisher":{"@id":"https:\/\/www.ifi-id.com\/#organization"},"potentialAction":[{"@type":"SearchAction","target":{"@type":"EntryPoint","urlTemplate":"https:\/\/www.ifi-id.com\/?s={search_term_string}"},"query-input":{"@type":"PropertyValueSpecification","valueRequired":true,"valueName":"search_term_string"}}],"inLanguage":"fr-FR"},{"@type":"Organization","@id":"https:\/\/www.ifi-id.com\/#organization","name":"Institut fran\u00e7ais Indon\u00e9sie","url":"https:\/\/www.ifi-id.com\/","logo":{"@type":"ImageObject","inLanguage":"fr-FR","@id":"https:\/\/www.ifi-id.com\/#\/schema\/logo\/image\/","url":"https:\/\/www.ifi-id.com\/wp-content\/uploads\/2022\/12\/IFI_New_Logo.jpg","contentUrl":"https:\/\/www.ifi-id.com\/wp-content\/uploads\/2022\/12\/IFI_New_Logo.jpg","width":666,"height":444,"caption":"Institut fran\u00e7ais Indon\u00e9sie"},"image":{"@id":"https:\/\/www.ifi-id.com\/#\/schema\/logo\/image\/"}}]}},"post_mailing_queue_ids":[],"_links":{"self":[{"href":"https:\/\/www.ifi-id.com\/fr\/wp-json\/wp\/v2\/pages\/5823"}],"collection":[{"href":"https:\/\/www.ifi-id.com\/fr\/wp-json\/wp\/v2\/pages"}],"about":[{"href":"https:\/\/www.ifi-id.com\/fr\/wp-json\/wp\/v2\/types\/page"}],"author":[{"embeddable":true,"href":"https:\/\/www.ifi-id.com\/fr\/wp-json\/wp\/v2\/users\/1"}],"replies":[{"embeddable":true,"href":"https:\/\/www.ifi-id.com\/fr\/wp-json\/wp\/v2\/comments?post=5823"}],"version-history":[{"count":4,"href":"https:\/\/www.ifi-id.com\/fr\/wp-json\/wp\/v2\/pages\/5823\/revisions"}],"predecessor-version":[{"id":6633,"href":"https:\/\/www.ifi-id.com\/fr\/wp-json\/wp\/v2\/pages\/5823\/revisions\/6633"}],"wp:attachment":[{"href":"https:\/\/www.ifi-id.com\/fr\/wp-json\/wp\/v2\/media?parent=5823"}],"curies":[{"name":"wp","href":"https:\/\/api.w.org\/{rel}","templated":true}]}}