{"id":5816,"date":"2021-01-14T09:10:46","date_gmt":"2021-01-14T09:10:46","guid":{"rendered":"https:\/\/ifi.lab.virus.co.id\/?page_id=5816"},"modified":"2021-01-17T11:14:37","modified_gmt":"2021-01-17T11:14:37","slug":"formation-professionnelle-en-arts-culinaires-patisserie-et-boulangerie-artisanale","status":"publish","type":"page","link":"https:\/\/www.ifi-id.com\/fr\/formation-professionnelle-en-arts-culinaires-patisserie-et-boulangerie-artisanale\/","title":{"rendered":"FORMATION PROFESSIONNELLE EN ARTS CULINAIRES PATISSERIE ET BOULANGERIE ARTISANALE"},"content":{"rendered":"\t\t<div data-elementor-type=\"wp-page\" data-elementor-id=\"5816\" class=\"elementor elementor-5816 elementor-3868\" data-elementor-post-type=\"page\">\n\t\t\t\t\t\t<section class=\"elementor-section elementor-top-section elementor-element elementor-element-ebd31c4 elementor-section-boxed elementor-section-height-default elementor-section-height-default\" data-id=\"ebd31c4\" data-element_type=\"section\">\n\t\t\t\t\t\t<div class=\"elementor-container elementor-column-gap-default\">\n\t\t\t\t\t<div class=\"elementor-column elementor-col-100 elementor-top-column elementor-element elementor-element-dff95bc\" data-id=\"dff95bc\" data-element_type=\"column\">\n\t\t\t<div class=\"elementor-widget-wrap elementor-element-populated\">\n\t\t\t\t\t\t<div class=\"elementor-element elementor-element-82e38d6 elementor-widget elementor-widget-heading\" data-id=\"82e38d6\" data-element_type=\"widget\" data-widget_type=\"heading.default\">\n\t\t\t\t<div class=\"elementor-widget-container\">\n\t\t\t<h2 class=\"elementor-heading-title elementor-size-default\">FORMATION PROFESSIONNELLE EN ARTS CULINAIRES PATISSERIE ET BOULANGERIE ARTISANALE<\/h2>\t\t<\/div>\n\t\t\t\t<\/div>\n\t\t\t\t\t<\/div>\n\t\t<\/div>\n\t\t\t\t\t<\/div>\n\t\t<\/section>\n\t\t\t\t<section class=\"elementor-section elementor-top-section elementor-element elementor-element-73cb080a elementor-section-boxed elementor-section-height-default elementor-section-height-default\" data-id=\"73cb080a\" data-element_type=\"section\">\n\t\t\t\t\t\t<div class=\"elementor-container elementor-column-gap-default\">\n\t\t\t\t\t<div class=\"elementor-column elementor-col-100 elementor-top-column elementor-element elementor-element-637e424e\" data-id=\"637e424e\" data-element_type=\"column\">\n\t\t\t<div class=\"elementor-widget-wrap elementor-element-populated\">\n\t\t\t\t\t\t<div class=\"elementor-element elementor-element-26ff840d elementor-widget elementor-widget-text-editor\" data-id=\"26ff840d\" data-element_type=\"widget\" data-widget_type=\"text-editor.default\">\n\t\t\t\t<div class=\"elementor-widget-container\">\n\t\t\t\t\t\t\t<!-- wp:image -->\n<figure class=\"wp-block-image\"><img decoding=\"async\" src=\"https:\/\/www.ifi-id.com\/uploads\/vendorImg\/xT5iZTwa6Rb7n5Nq3X3qez92jrdEBJD0dFs85TWY.png\" alt=\"\"\/><\/figure>\n<!-- \/wp:image -->\n\n<!-- wp:paragraph -->\n<p>Du 14 au 21 juin 2019, l\u2019Institut fran\u00e7ais d\u2019Indon\u00e9sie a organis\u00e9, en partenariat avec l&rsquo;Ecole h\u00f4teli\u00e8re de Paris, Lyc\u00e9e Jean Drouant et le r\u00e9seau des \u00e9coles h\u00f4teli\u00e8res de Paris, la Direction de l\u2019Enseignement Professionnel du Minist\u00e8re de l\u2019Education et de la Culture indon\u00e9sien, le Centre indon\u00e9sien de formation des professeurs en tourisme, le groupe h\u00f4telier Metland (h\u00f4tel Horizon) et le lyc\u00e9e professionnel priv\u00e9 du groupe Metland, une formation en arts culinaires &#8211; p\u00e2tisserie et boulangerie artisanale.<\/p>\n<!-- \/wp:paragraph -->\n\n<!-- wp:paragraph -->\n<p><strong>Apprendre d\u2019un grand chef fran\u00e7ais&nbsp;!<\/strong><\/p>\n<!-- \/wp:paragraph -->\n\n<!-- wp:image -->\n<figure class=\"wp-block-image\"><img decoding=\"async\" src=\"https:\/\/www.ifi-id.com\/uploads\/page\/2.png\" alt=\"\"\/><\/figure>\n<!-- \/wp:image -->\n\n<!-- wp:paragraph -->\n<p>22 formateurs de 20 lyc\u00e9es professionnels de Java, Bali et Sumatra et du Centre indon\u00e9sien de formation des professeurs en tourisme ont b\u00e9n\u00e9fici\u00e9 de cette formation dispens\u00e9e par deux formateurs fran\u00e7ais&nbsp;: Dirk Van-Lieshout, Chef et enseignant au lyc\u00e9e des m\u00e9tiers Guillaume Tirel de Paris qui a transmis son savoir-faire et sa passion du m\u00e9tier de boulanger-p\u00e2tissier et Michel Hartbrot, enseignant en charge des relations internationales \u00e0 l\u2019\u00c9cole H\u00f4teli\u00e8re de Paris qui s\u2019est assur\u00e9 du transfert des comp\u00e9tences p\u00e9dagogiques tout au long de la formation.<\/p>\n<!-- \/wp:paragraph -->\n\n<!-- wp:image -->\n<figure class=\"wp-block-image\"><img decoding=\"async\" src=\"https:\/\/www.ifi-id.com\/uploads\/page\/3(18).jpg\" alt=\"\"\/><\/figure>\n<!-- \/wp:image -->\n\n<!-- wp:paragraph -->\n<p>La c\u00e9r\u00e9monie d&rsquo;ouverture a \u00e9t\u00e9 pr\u00e9sid\u00e9e par M. Bakrun, Directeur de l\u2019Enseignement Technique et Professionnel du Minist\u00e8re de l\u2019Education et de la Culture indon\u00e9sien et par Mme Emilienne Baneth-Nouailhetas, Attach\u00e9e de coop\u00e9ration \u00e9ducative \u00e0 l\u2019Institut Fran\u00e7ais d\u2019Indon\u00e9sie qui a rappel\u00e9 le r\u00f4le de la gastronomie comme vecteur de partage culturel et de cr\u00e9ativit\u00e9.<\/p>\n<!-- \/wp:paragraph -->\n\n<!-- wp:image -->\n<figure class=\"wp-block-image\"><img decoding=\"async\" src=\"https:\/\/www.ifi-id.com\/uploads\/page\/4(8).jpg\" alt=\"\"\/><\/figure>\n<!-- \/wp:image -->\n\n<!-- wp:paragraph -->\n<p>L\u2019objectif de la formation a \u00e9t\u00e9 de permettre la mont\u00e9e en comp\u00e9tences sur le plan p\u00e9dagogique et technique des formateurs indon\u00e9siens qui pourront ensuite transmettre leurs nouvelles connaissances, savoirs et savoir-faire aupr\u00e8s de leurs \u00e9l\u00e8ves. La formation int\u00e9grait la connaissance des mati\u00e8res premi\u00e8res et de l\u2019\u00e9quipement professionnel en boulangerie-p\u00e2tisserie ainsi qu\u2019un approfondissement des techniques de p\u00e9trissage, fermentation et cuisson.<\/p>\n<!-- \/wp:paragraph -->\n\n<!-- wp:image -->\n<figure class=\"wp-block-image\"><img decoding=\"async\" src=\"https:\/\/www.ifi-id.com\/uploads\/page\/5(9).jpg\" alt=\"\"\/><\/figure>\n<!-- \/wp:image -->\n\n<!-- wp:image -->\n<figure class=\"wp-block-image\"><img decoding=\"async\" src=\"https:\/\/www.ifi-id.com\/uploads\/page\/6(3).jpg\" alt=\"\"\/><\/figure>\n<!-- \/wp:image -->\n\n<!-- wp:paragraph -->\n<p>Les participants ont pu interpr\u00e9ter et d\u00e9cliner des recettes fran\u00e7aises telles que la baguette, le pain au chocolat, le croissant, les macarons, la madeleine, la brioche ou encore la p\u00e2te \u00e0 chou tout en tenant compte des contraintes et de l\u2019environnement local. Des produits originaux, int\u00e9grant des ingr\u00e9dients de la r\u00e9gion ont \u00e9t\u00e9 ainsi cr\u00e9\u00e9s.<\/p>\n<!-- \/wp:paragraph -->\n\n<!-- wp:image -->\n<figure class=\"wp-block-image\"><img decoding=\"async\" src=\"https:\/\/www.ifi-id.com\/uploads\/page\/7(19).jpg\" alt=\"\"\/><\/figure>\n<!-- \/wp:image -->\n\n<!-- wp:paragraph -->\n<p>Ce partenariat entre l\u2019IFI, la Direction de l\u2019Enseignement Professionnel du Minist\u00e8re de l\u2019Education et de la Culture indon\u00e9sien et le groupe Metland se poursuivra en septembre prochain lors d\u2019une performance au cours de laquelle les enseignants et les \u00e9l\u00e8ves des lyc\u00e9es professionnels auront l\u2019occasion de pr\u00e9senter leurs r\u00e9alisations au public.<\/p>\n<!-- \/wp:paragraph -->\n\n<!-- wp:paragraph -->\n<p>Cette action devrait permettre de d\u00e9velopper une coop\u00e9ration pluriannuelle dans le domaine de la cuisine et du service restaurant.<\/p>\n<!-- \/wp:paragraph -->\t\t\t\t\t\t<\/div>\n\t\t\t\t<\/div>\n\t\t\t\t\t<\/div>\n\t\t<\/div>\n\t\t\t\t\t<\/div>\n\t\t<\/section>\n\t\t\t\t<\/div>\n\t\t","protected":false},"excerpt":{"rendered":"<p>FORMATION PROFESSIONNELLE EN ARTS CULINAIRES PATISSERIE ET BOULANGERIE ARTISANALE Du 14 au 21 juin 2019, l\u2019Institut fran\u00e7ais d\u2019Indon\u00e9sie a organis\u00e9, en partenariat avec l&rsquo;Ecole h\u00f4teli\u00e8re de Paris, Lyc\u00e9e Jean Drouant et le r\u00e9seau des \u00e9coles h\u00f4teli\u00e8res de Paris, la Direction de l\u2019Enseignement Professionnel du Minist\u00e8re de l\u2019Education et de la Culture indon\u00e9sien, le Centre indon\u00e9sien &hellip; <\/p>\n<p class=\"link-more\"><a href=\"https:\/\/www.ifi-id.com\/fr\/formation-professionnelle-en-arts-culinaires-patisserie-et-boulangerie-artisanale\/\" class=\"more-link\">Continuer la lecture<span class=\"screen-reader-text\"> de &laquo;&nbsp;FORMATION PROFESSIONNELLE EN ARTS CULINAIRES PATISSERIE ET BOULANGERIE ARTISANALE&nbsp;&raquo;<\/span><\/a><\/p>\n","protected":false},"author":1,"featured_media":0,"parent":0,"menu_order":0,"comment_status":"closed","ping_status":"closed","template":"elementor_header_footer","meta":{"footnotes":""},"class_list":["post-5816","page","type-page","status-publish","hentry"],"yoast_head":"<!-- This site is optimized with the Yoast SEO plugin v23.5 - https:\/\/yoast.com\/wordpress\/plugins\/seo\/ -->\n<title>FORMATION PROFESSIONNELLE EN ARTS CULINAIRES PATISSERIE ET BOULANGERIE ARTISANALE - Institut fran\u00e7ais Indon\u00e9sie<\/title>\n<meta name=\"robots\" content=\"index, follow, max-snippet:-1, max-image-preview:large, max-video-preview:-1\" \/>\n<link rel=\"canonical\" href=\"https:\/\/www.ifi-id.com\/fr\/formation-professionnelle-en-arts-culinaires-patisserie-et-boulangerie-artisanale\/\" \/>\n<meta property=\"og:locale\" content=\"fr_FR\" \/>\n<meta property=\"og:type\" content=\"article\" \/>\n<meta property=\"og:title\" content=\"FORMATION PROFESSIONNELLE EN ARTS CULINAIRES PATISSERIE ET BOULANGERIE ARTISANALE - Institut fran\u00e7ais Indon\u00e9sie\" \/>\n<meta property=\"og:description\" content=\"FORMATION PROFESSIONNELLE EN ARTS CULINAIRES PATISSERIE ET BOULANGERIE ARTISANALE Du 14 au 21 juin 2019, l\u2019Institut fran\u00e7ais d\u2019Indon\u00e9sie a organis\u00e9, en partenariat avec l&rsquo;Ecole h\u00f4teli\u00e8re de Paris, Lyc\u00e9e Jean Drouant et le r\u00e9seau des \u00e9coles h\u00f4teli\u00e8res de Paris, la Direction de l\u2019Enseignement Professionnel du Minist\u00e8re de l\u2019Education et de la Culture indon\u00e9sien, le Centre indon\u00e9sien &hellip; Continuer la lecture de &laquo;&nbsp;FORMATION PROFESSIONNELLE EN ARTS CULINAIRES PATISSERIE ET BOULANGERIE ARTISANALE&nbsp;&raquo;\" \/>\n<meta property=\"og:url\" content=\"https:\/\/www.ifi-id.com\/fr\/formation-professionnelle-en-arts-culinaires-patisserie-et-boulangerie-artisanale\/\" \/>\n<meta property=\"og:site_name\" content=\"Institut fran\u00e7ais Indon\u00e9sie\" \/>\n<meta property=\"article:modified_time\" content=\"2021-01-17T11:14:37+00:00\" \/>\n<meta property=\"og:image\" content=\"https:\/\/www.ifi-id.com\/uploads\/vendorImg\/xT5iZTwa6Rb7n5Nq3X3qez92jrdEBJD0dFs85TWY.png\" \/>\n<meta name=\"twitter:card\" content=\"summary_large_image\" \/>\n<meta name=\"twitter:label1\" content=\"Dur\u00e9e de lecture estim\u00e9e\" \/>\n\t<meta name=\"twitter:data1\" content=\"2 minutes\" \/>\n<script type=\"application\/ld+json\" class=\"yoast-schema-graph\">{\"@context\":\"https:\/\/schema.org\",\"@graph\":[{\"@type\":\"WebPage\",\"@id\":\"https:\/\/www.ifi-id.com\/fr\/formation-professionnelle-en-arts-culinaires-patisserie-et-boulangerie-artisanale\/\",\"url\":\"https:\/\/www.ifi-id.com\/fr\/formation-professionnelle-en-arts-culinaires-patisserie-et-boulangerie-artisanale\/\",\"name\":\"FORMATION PROFESSIONNELLE EN ARTS CULINAIRES PATISSERIE ET BOULANGERIE ARTISANALE - Institut fran\u00e7ais Indon\u00e9sie\",\"isPartOf\":{\"@id\":\"https:\/\/www.ifi-id.com\/#website\"},\"primaryImageOfPage\":{\"@id\":\"https:\/\/www.ifi-id.com\/fr\/formation-professionnelle-en-arts-culinaires-patisserie-et-boulangerie-artisanale\/#primaryimage\"},\"image\":{\"@id\":\"https:\/\/www.ifi-id.com\/fr\/formation-professionnelle-en-arts-culinaires-patisserie-et-boulangerie-artisanale\/#primaryimage\"},\"thumbnailUrl\":\"https:\/\/www.ifi-id.com\/uploads\/vendorImg\/xT5iZTwa6Rb7n5Nq3X3qez92jrdEBJD0dFs85TWY.png\",\"datePublished\":\"2021-01-14T09:10:46+00:00\",\"dateModified\":\"2021-01-17T11:14:37+00:00\",\"breadcrumb\":{\"@id\":\"https:\/\/www.ifi-id.com\/fr\/formation-professionnelle-en-arts-culinaires-patisserie-et-boulangerie-artisanale\/#breadcrumb\"},\"inLanguage\":\"fr-FR\",\"potentialAction\":[{\"@type\":\"ReadAction\",\"target\":[\"https:\/\/www.ifi-id.com\/fr\/formation-professionnelle-en-arts-culinaires-patisserie-et-boulangerie-artisanale\/\"]}]},{\"@type\":\"ImageObject\",\"inLanguage\":\"fr-FR\",\"@id\":\"https:\/\/www.ifi-id.com\/fr\/formation-professionnelle-en-arts-culinaires-patisserie-et-boulangerie-artisanale\/#primaryimage\",\"url\":\"https:\/\/www.ifi-id.com\/uploads\/vendorImg\/xT5iZTwa6Rb7n5Nq3X3qez92jrdEBJD0dFs85TWY.png\",\"contentUrl\":\"https:\/\/www.ifi-id.com\/uploads\/vendorImg\/xT5iZTwa6Rb7n5Nq3X3qez92jrdEBJD0dFs85TWY.png\"},{\"@type\":\"BreadcrumbList\",\"@id\":\"https:\/\/www.ifi-id.com\/fr\/formation-professionnelle-en-arts-culinaires-patisserie-et-boulangerie-artisanale\/#breadcrumb\",\"itemListElement\":[{\"@type\":\"ListItem\",\"position\":1,\"name\":\"Home\",\"item\":\"https:\/\/www.ifi-id.com\/\"},{\"@type\":\"ListItem\",\"position\":2,\"name\":\"FORMATION PROFESSIONNELLE EN ARTS CULINAIRES PATISSERIE ET BOULANGERIE ARTISANALE\"}]},{\"@type\":\"WebSite\",\"@id\":\"https:\/\/www.ifi-id.com\/#website\",\"url\":\"https:\/\/www.ifi-id.com\/\",\"name\":\"Institut fran\u00e7ais Indon\u00e9sie\",\"description\":\"\",\"publisher\":{\"@id\":\"https:\/\/www.ifi-id.com\/#organization\"},\"potentialAction\":[{\"@type\":\"SearchAction\",\"target\":{\"@type\":\"EntryPoint\",\"urlTemplate\":\"https:\/\/www.ifi-id.com\/?s={search_term_string}\"},\"query-input\":{\"@type\":\"PropertyValueSpecification\",\"valueRequired\":true,\"valueName\":\"search_term_string\"}}],\"inLanguage\":\"fr-FR\"},{\"@type\":\"Organization\",\"@id\":\"https:\/\/www.ifi-id.com\/#organization\",\"name\":\"Institut fran\u00e7ais Indon\u00e9sie\",\"url\":\"https:\/\/www.ifi-id.com\/\",\"logo\":{\"@type\":\"ImageObject\",\"inLanguage\":\"fr-FR\",\"@id\":\"https:\/\/www.ifi-id.com\/#\/schema\/logo\/image\/\",\"url\":\"https:\/\/www.ifi-id.com\/wp-content\/uploads\/2022\/12\/IFI_New_Logo.jpg\",\"contentUrl\":\"https:\/\/www.ifi-id.com\/wp-content\/uploads\/2022\/12\/IFI_New_Logo.jpg\",\"width\":666,\"height\":444,\"caption\":\"Institut fran\u00e7ais Indon\u00e9sie\"},\"image\":{\"@id\":\"https:\/\/www.ifi-id.com\/#\/schema\/logo\/image\/\"}}]}<\/script>\n<!-- \/ Yoast SEO plugin. -->","yoast_head_json":{"title":"FORMATION PROFESSIONNELLE EN ARTS CULINAIRES PATISSERIE ET BOULANGERIE ARTISANALE - Institut fran\u00e7ais Indon\u00e9sie","robots":{"index":"index","follow":"follow","max-snippet":"max-snippet:-1","max-image-preview":"max-image-preview:large","max-video-preview":"max-video-preview:-1"},"canonical":"https:\/\/www.ifi-id.com\/fr\/formation-professionnelle-en-arts-culinaires-patisserie-et-boulangerie-artisanale\/","og_locale":"fr_FR","og_type":"article","og_title":"FORMATION PROFESSIONNELLE EN ARTS CULINAIRES PATISSERIE ET BOULANGERIE ARTISANALE - Institut fran\u00e7ais Indon\u00e9sie","og_description":"FORMATION PROFESSIONNELLE EN ARTS CULINAIRES PATISSERIE ET BOULANGERIE ARTISANALE Du 14 au 21 juin 2019, l\u2019Institut fran\u00e7ais d\u2019Indon\u00e9sie a organis\u00e9, en partenariat avec l&rsquo;Ecole h\u00f4teli\u00e8re de Paris, Lyc\u00e9e Jean Drouant et le r\u00e9seau des \u00e9coles h\u00f4teli\u00e8res de Paris, la Direction de l\u2019Enseignement Professionnel du Minist\u00e8re de l\u2019Education et de la Culture indon\u00e9sien, le Centre indon\u00e9sien &hellip; Continuer la lecture de &laquo;&nbsp;FORMATION PROFESSIONNELLE EN ARTS CULINAIRES PATISSERIE ET BOULANGERIE ARTISANALE&nbsp;&raquo;","og_url":"https:\/\/www.ifi-id.com\/fr\/formation-professionnelle-en-arts-culinaires-patisserie-et-boulangerie-artisanale\/","og_site_name":"Institut fran\u00e7ais Indon\u00e9sie","article_modified_time":"2021-01-17T11:14:37+00:00","og_image":[{"url":"https:\/\/www.ifi-id.com\/uploads\/vendorImg\/xT5iZTwa6Rb7n5Nq3X3qez92jrdEBJD0dFs85TWY.png"}],"twitter_card":"summary_large_image","twitter_misc":{"Dur\u00e9e de lecture estim\u00e9e":"2 minutes"},"schema":{"@context":"https:\/\/schema.org","@graph":[{"@type":"WebPage","@id":"https:\/\/www.ifi-id.com\/fr\/formation-professionnelle-en-arts-culinaires-patisserie-et-boulangerie-artisanale\/","url":"https:\/\/www.ifi-id.com\/fr\/formation-professionnelle-en-arts-culinaires-patisserie-et-boulangerie-artisanale\/","name":"FORMATION PROFESSIONNELLE EN ARTS CULINAIRES PATISSERIE ET BOULANGERIE ARTISANALE - Institut fran\u00e7ais Indon\u00e9sie","isPartOf":{"@id":"https:\/\/www.ifi-id.com\/#website"},"primaryImageOfPage":{"@id":"https:\/\/www.ifi-id.com\/fr\/formation-professionnelle-en-arts-culinaires-patisserie-et-boulangerie-artisanale\/#primaryimage"},"image":{"@id":"https:\/\/www.ifi-id.com\/fr\/formation-professionnelle-en-arts-culinaires-patisserie-et-boulangerie-artisanale\/#primaryimage"},"thumbnailUrl":"https:\/\/www.ifi-id.com\/uploads\/vendorImg\/xT5iZTwa6Rb7n5Nq3X3qez92jrdEBJD0dFs85TWY.png","datePublished":"2021-01-14T09:10:46+00:00","dateModified":"2021-01-17T11:14:37+00:00","breadcrumb":{"@id":"https:\/\/www.ifi-id.com\/fr\/formation-professionnelle-en-arts-culinaires-patisserie-et-boulangerie-artisanale\/#breadcrumb"},"inLanguage":"fr-FR","potentialAction":[{"@type":"ReadAction","target":["https:\/\/www.ifi-id.com\/fr\/formation-professionnelle-en-arts-culinaires-patisserie-et-boulangerie-artisanale\/"]}]},{"@type":"ImageObject","inLanguage":"fr-FR","@id":"https:\/\/www.ifi-id.com\/fr\/formation-professionnelle-en-arts-culinaires-patisserie-et-boulangerie-artisanale\/#primaryimage","url":"https:\/\/www.ifi-id.com\/uploads\/vendorImg\/xT5iZTwa6Rb7n5Nq3X3qez92jrdEBJD0dFs85TWY.png","contentUrl":"https:\/\/www.ifi-id.com\/uploads\/vendorImg\/xT5iZTwa6Rb7n5Nq3X3qez92jrdEBJD0dFs85TWY.png"},{"@type":"BreadcrumbList","@id":"https:\/\/www.ifi-id.com\/fr\/formation-professionnelle-en-arts-culinaires-patisserie-et-boulangerie-artisanale\/#breadcrumb","itemListElement":[{"@type":"ListItem","position":1,"name":"Home","item":"https:\/\/www.ifi-id.com\/"},{"@type":"ListItem","position":2,"name":"FORMATION PROFESSIONNELLE EN ARTS CULINAIRES PATISSERIE ET BOULANGERIE ARTISANALE"}]},{"@type":"WebSite","@id":"https:\/\/www.ifi-id.com\/#website","url":"https:\/\/www.ifi-id.com\/","name":"Institut fran\u00e7ais Indon\u00e9sie","description":"","publisher":{"@id":"https:\/\/www.ifi-id.com\/#organization"},"potentialAction":[{"@type":"SearchAction","target":{"@type":"EntryPoint","urlTemplate":"https:\/\/www.ifi-id.com\/?s={search_term_string}"},"query-input":{"@type":"PropertyValueSpecification","valueRequired":true,"valueName":"search_term_string"}}],"inLanguage":"fr-FR"},{"@type":"Organization","@id":"https:\/\/www.ifi-id.com\/#organization","name":"Institut fran\u00e7ais Indon\u00e9sie","url":"https:\/\/www.ifi-id.com\/","logo":{"@type":"ImageObject","inLanguage":"fr-FR","@id":"https:\/\/www.ifi-id.com\/#\/schema\/logo\/image\/","url":"https:\/\/www.ifi-id.com\/wp-content\/uploads\/2022\/12\/IFI_New_Logo.jpg","contentUrl":"https:\/\/www.ifi-id.com\/wp-content\/uploads\/2022\/12\/IFI_New_Logo.jpg","width":666,"height":444,"caption":"Institut fran\u00e7ais Indon\u00e9sie"},"image":{"@id":"https:\/\/www.ifi-id.com\/#\/schema\/logo\/image\/"}}]}},"post_mailing_queue_ids":[],"_links":{"self":[{"href":"https:\/\/www.ifi-id.com\/fr\/wp-json\/wp\/v2\/pages\/5816"}],"collection":[{"href":"https:\/\/www.ifi-id.com\/fr\/wp-json\/wp\/v2\/pages"}],"about":[{"href":"https:\/\/www.ifi-id.com\/fr\/wp-json\/wp\/v2\/types\/page"}],"author":[{"embeddable":true,"href":"https:\/\/www.ifi-id.com\/fr\/wp-json\/wp\/v2\/users\/1"}],"replies":[{"embeddable":true,"href":"https:\/\/www.ifi-id.com\/fr\/wp-json\/wp\/v2\/comments?post=5816"}],"version-history":[{"count":4,"href":"https:\/\/www.ifi-id.com\/fr\/wp-json\/wp\/v2\/pages\/5816\/revisions"}],"predecessor-version":[{"id":6625,"href":"https:\/\/www.ifi-id.com\/fr\/wp-json\/wp\/v2\/pages\/5816\/revisions\/6625"}],"wp:attachment":[{"href":"https:\/\/www.ifi-id.com\/fr\/wp-json\/wp\/v2\/media?parent=5816"}],"curies":[{"name":"wp","href":"https:\/\/api.w.org\/{rel}","templated":true}]}}